{"id":522,"date":"2017-11-25T17:20:54","date_gmt":"2017-11-25T16:20:54","guid":{"rendered":"https:\/\/maresdecedeira.gal\/?page_id=522"},"modified":"2024-07-12T10:37:41","modified_gmt":"2024-07-12T09:37:41","slug":"musee-des-mares-cedeira","status":"publish","type":"page","link":"https:\/\/maresdecedeira.gal\/fr\/","title":{"rendered":"Mus\u00e9e des Mares de Cedeira"},"content":{"rendered":"<div id=\"pl-522\"  class=\"panel-layout\" ><div id=\"pg-522-0\"  class=\"panel-grid panel-no-style\" ><div id=\"pgc-522-0-0\"  class=\"panel-grid-cell\" ><div id=\"panel-522-0-0-0\" class=\"so-panel widget widget_sow-editor panel-first-child panel-last-child\" data-index=\"0\" ><div\n\t\t\t\n\t\t\tclass=\"so-widget-sow-editor so-widget-sow-editor-base\"\n\t\t\t\n\t\t>\n<div class=\"siteorigin-widget-tinymce textwidget\">\n\t\t\t\t<script src=\"\/\/maresdecedeira.gal\/wp-content\/plugins\/revslider\/public\/assets\/js\/rbtools.min.js?rev=6.5.24\"><\/script>\n\t\t\t<script src=\"\/\/maresdecedeira.gal\/wp-content\/plugins\/revslider\/public\/assets\/js\/rs6.min.js?rev=6.5.24\"><\/script>\n\n\t\t\t<!-- START cabecera principal francais REVOLUTION SLIDER 6.5.24 --><p class=\"rs-p-wp-fix\"><\/p>\n\t\t\t<rs-module-wrap id=\"rev_slider_4_1_wrapper\" data-source=\"gallery\" style=\"visibility:hidden;background:transparent;padding:0;margin:0px auto;margin-top:0;margin-bottom:0;\">\n\t\t\t\t<rs-module id=\"rev_slider_4_1\" class=\" rs-ov-hidden\" style=\"\" data-version=\"6.5.24\">\n\t\t\t\t\t<rs-slides>\n\t\t\t\t\t\t<rs-slide style=\"position: absolute;\" data-key=\"rs-7\" data-title=\"Slide\" data-duration=\"7690\" data-anim=\"ms:600;\" data-in=\"o:0;\" data-out=\"a:false;\">\n\t\t\t\t\t\t\t<img decoding=\"async\" src=\"\/\/maresdecedeira.gal\/wp-content\/plugins\/revslider\/public\/assets\/assets\/dummy.png\" alt=\"Embarcaciones tradicionales gallegas en Blanco y Negro - Museo Mares de Cedeira\" title=\"Embarcaciones tradicionales gallegas en Blanco y Negro &#8211; Museo Mares de Cedeira\" width=\"1000\" height=\"800\" class=\"rev-slidebg tp-rs-img rs-lazyload\" data-lazyload=\"\/\/maresdecedeira.gal\/wp-content\/uploads\/2017\/11\/Embarcaciones-tradicionales-gallegas-en-Blanco-y-Negro-Museo-Mares-de-Cedeira-1000x800.jpg\" data-no-retina>\n<!--\n\t\t\t\t\t\t\t--><rs-layer\n\t\t\t\t\t\t\t\tid=\"slider-4-slide-7-layer-1\" \n\t\t\t\t\t\t\t\tclass=\"rev-btn rev-withicon\"\n\t\t\t\t\t\t\t\tdata-type=\"button\"\n\t\t\t\t\t\t\t\tdata-color=\"rgba(255,255,255,1)\"\n\t\t\t\t\t\t\t\tdata-xy=\"x:c;xo:355px;y:c;yo:78px;\"\n\t\t\t\t\t\t\t\tdata-text=\"s:17;l:17;fw:300;a:inherit;\"\n\t\t\t\t\t\t\t\tdata-dim=\"w:231px;h:42px;\"\n\t\t\t\t\t\t\t\tdata-vbility=\"t,t,t,f\"\n\t\t\t\t\t\t\t\tdata-actions='o:click;a:simplelink;target:_self;url:https:\/\/maresdecedeira.gal\/fr\/chambre-bateau\/;'\n\t\t\t\t\t\t\t\tdata-padding=\"t:12;r:35;b:12;l:35;\"\n\t\t\t\t\t\t\t\tdata-border=\"bor:30px,30px,30px,30px;\"\n\t\t\t\t\t\t\t\tdata-frame_0=\"tp:600;\"\n\t\t\t\t\t\t\t\tdata-frame_1=\"tp:600;sR:10;\"\n\t\t\t\t\t\t\t\tdata-frame_999=\"o:0;tp:600;st:w;sR:7380;\"\n\t\t\t\t\t\t\t\tdata-frame_hover=\"c:#000;bgc:#fff;boc:#000;bor:30px,30px,30px,30px;bos:solid;oX:50;oY:50;sp:0;e:none;\"\n\t\t\t\t\t\t\t\tstyle=\"z-index:5;background-color:rgba(0,0,0,0.75);font-family:'Comfortaa';cursor:pointer;outline:none;box-shadow:none;box-sizing:border-box;-moz-box-sizing:border-box;-webkit-box-sizing:border-box;\"\n\t\t\t\t\t\t\t>En savoir plus<i class=\"fa-chevron-right\"><\/i> \n\t\t\t\t\t\t\t<\/rs-layer><!--\n\n\t\t\t\t\t\t\t--><rs-layer\n\t\t\t\t\t\t\t\tid=\"slider-4-slide-7-layer-3\" \n\t\t\t\t\t\t\t\tclass=\"tp-shape tp-shapewrapper\"\n\t\t\t\t\t\t\t\tdata-type=\"shape\"\n\t\t\t\t\t\t\t\tdata-rsp_ch=\"on\"\n\t\t\t\t\t\t\t\tdata-xy=\"x:-12px;y:68px;\"\n\t\t\t\t\t\t\t\tdata-text=\"fw:300;a:inherit;\"\n\t\t\t\t\t\t\t\tdata-dim=\"w:1273px;h:171;\"\n\t\t\t\t\t\t\t\tdata-frame_0=\"tp:600;\"\n\t\t\t\t\t\t\t\tdata-frame_1=\"tp:600;st:740;sR:740;\"\n\t\t\t\t\t\t\t\tdata-frame_999=\"o:0;tp:600;st:w;sR:6650;\"\n\t\t\t\t\t\t\t\tstyle=\"z-index:6;background-color:rgba(0,0,0,0.5);\"\n\t\t\t\t\t\t\t> \n\t\t\t\t\t\t\t<\/rs-layer><!--\n\n\t\t\t\t\t\t\t--><rs-layer\n\t\t\t\t\t\t\t\tid=\"slider-4-slide-7-layer-2\" \n\t\t\t\t\t\t\t\tclass=\"Photography-Textblock\"\n\t\t\t\t\t\t\t\tdata-type=\"text\"\n\t\t\t\t\t\t\t\tdata-color=\"#fff\"\n\t\t\t\t\t\t\t\tdata-rsp_ch=\"on\"\n\t\t\t\t\t\t\t\tdata-xy=\"x:c;xo:-2px;y:c;yo:-74px;\"\n\t\t\t\t\t\t\t\tdata-text=\"s:42;l:56;\"\n\t\t\t\t\t\t\t\tdata-dim=\"w:1156px;h:57px;\"\n\t\t\t\t\t\t\t\tdata-frame_0=\"y:100%;tp:600;\"\n\t\t\t\t\t\t\t\tdata-frame_0_mask=\"u:t;y:100%;\"\n\t\t\t\t\t\t\t\tdata-frame_1=\"tp:600;e:power2.inOut;st:1700;sp:1720;sR:1700;\"\n\t\t\t\t\t\t\t\tdata-frame_1_mask=\"u:t;\"\n\t\t\t\t\t\t\t\tdata-frame_999=\"o:0;tp:600;st:w;sR:4270;\"\n\t\t\t\t\t\t\t\tstyle=\"z-index:7;font-family:'Raleway';letter-spacing:2px;\"\n\t\t\t\t\t\t\t>Apprenez \u00e0 conna\u00eetre les traditions cedeira par vous-m\u00eame \n\t\t\t\t\t\t\t<\/rs-layer><!--\n-->\t\t\t\t\t\t<\/rs-slide>\n\t\t\t\t\t\t<rs-slide style=\"position: absolute;\" data-key=\"rs-8\" data-title=\"Slide\" data-duration=\"8000\" data-anim=\"ms:8300;\" data-in=\"o:0;\" data-out=\"a:false;\">\n\t\t\t\t\t\t\t<img decoding=\"async\" src=\"\/\/maresdecedeira.gal\/wp-content\/plugins\/revslider\/public\/assets\/assets\/dummy.png\" alt=\"\" title=\"Mus\u00e9e des Mares de Cedeira\" class=\"rev-slidebg tp-rs-img rs-lazyload\" data-lazyload=\"\/\/maresdecedeira.gal\/wp-content\/uploads\/2017\/11\/Sello-de-fabrica-de-conservas-de-Cedeira.jpg\" data-no-retina>\n<!--\n\t\t\t\t\t\t\t--><rs-layer\n\t\t\t\t\t\t\t\tid=\"slider-4-slide-8-layer-1\" \n\t\t\t\t\t\t\t\tclass=\"rev-btn rev-withicon\"\n\t\t\t\t\t\t\t\tdata-type=\"button\"\n\t\t\t\t\t\t\t\tdata-color=\"rgba(255,255,255,1)\"\n\t\t\t\t\t\t\t\tdata-xy=\"x:690px;y:240px;\"\n\t\t\t\t\t\t\t\tdata-text=\"s:17;l:17;fw:300;a:inherit;\"\n\t\t\t\t\t\t\t\tdata-rsp_bd=\"off\"\n\t\t\t\t\t\t\t\tdata-padding=\"t:12;r:35;b:12;l:35;\"\n\t\t\t\t\t\t\t\tdata-border=\"bor:30px,30px,30px,30px;\"\n\t\t\t\t\t\t\t\tdata-frame_0=\"tp:600;\"\n\t\t\t\t\t\t\t\tdata-frame_1=\"tp:600;st:620;sR:620;\"\n\t\t\t\t\t\t\t\tdata-frame_999=\"o:0;tp:600;st:w;sR:8080;\"\n\t\t\t\t\t\t\t\tdata-frame_hover=\"c:#000;bgc:#fff;boc:#000;bor:30px,30px,30px,30px;bos:solid;oX:50;oY:50;sp:0;e:none;\"\n\t\t\t\t\t\t\t\tstyle=\"z-index:5;background-color:rgba(0,0,0,0.75);font-family:'Comfortaa';cursor:pointer;outline:none;box-shadow:none;box-sizing:border-box;-moz-box-sizing:border-box;-webkit-box-sizing:border-box;\"\n\t\t\t\t\t\t\t>Navega por nuestra cultura<i class=\"fa-chevron-right\"><\/i> \n\t\t\t\t\t\t\t<\/rs-layer><!--\n\n\t\t\t\t\t\t\t--><rs-layer\n\t\t\t\t\t\t\t\tid=\"slider-4-slide-8-layer-3\" \n\t\t\t\t\t\t\t\tclass=\"tp-shape tp-shapewrapper\"\n\t\t\t\t\t\t\t\tdata-type=\"shape\"\n\t\t\t\t\t\t\t\tdata-rsp_ch=\"on\"\n\t\t\t\t\t\t\t\tdata-xy=\"x:-2px;y:80px;\"\n\t\t\t\t\t\t\t\tdata-text=\"a:inherit;\"\n\t\t\t\t\t\t\t\tdata-dim=\"w:100%;h:109;\"\n\t\t\t\t\t\t\t\tdata-frame_0=\"tp:600;\"\n\t\t\t\t\t\t\t\tdata-frame_1=\"tp:600;sR:10;\"\n\t\t\t\t\t\t\t\tdata-frame_999=\"o:0;tp:600;st:w;sR:8690;\"\n\t\t\t\t\t\t\t\tstyle=\"z-index:6;background-color:rgba(0,0,0,0.5);\"\n\t\t\t\t\t\t\t> \n\t\t\t\t\t\t\t<\/rs-layer><!--\n\n\t\t\t\t\t\t\t--><rs-layer\n\t\t\t\t\t\t\t\tid=\"slider-4-slide-8-layer-2\" \n\t\t\t\t\t\t\t\tclass=\"Sports-Display\"\n\t\t\t\t\t\t\t\tdata-type=\"text\"\n\t\t\t\t\t\t\t\tdata-color=\"#ffffff\"\n\t\t\t\t\t\t\t\tdata-rsp_ch=\"on\"\n\t\t\t\t\t\t\t\tdata-xy=\"x:179px;y:65px;\"\n\t\t\t\t\t\t\t\tdata-text=\"s:42;l:130;a:inherit;\"\n\t\t\t\t\t\t\t\tdata-dim=\"w:917px;h:131px;\"\n\t\t\t\t\t\t\t\tdata-frame_0=\"y:bottom;o:1;rX:-20deg;rY:-20deg;tp:600;\"\n\t\t\t\t\t\t\t\tdata-frame_1=\"tp:600;e:power3.out;st:620;sp:1500;sR:620;\"\n\t\t\t\t\t\t\t\tdata-frame_999=\"o:0;tp:600;st:w;sR:6880;\"\n\t\t\t\t\t\t\t\tstyle=\"z-index:7;font-family:'Raleway';letter-spacing:13px;\"\n\t\t\t\t\t\t\t>La cultura de un pueblo dedicado a la pesca \n\t\t\t\t\t\t\t<\/rs-layer><!--\n-->\t\t\t\t\t\t<\/rs-slide>\n\t\t\t\t\t<\/rs-slides>\n\t\t\t\t<\/rs-module>\n\t\t\t\t<script>\n\t\t\t\t\tsetREVStartSize({c: 'rev_slider_4_1',rl:[1240,1024,778,480],el:[],gw:[1240],gh:[450],type:'standard',justify:'',layout:'fullwidth',mh:\"0\"});if (window.RS_MODULES!==undefined && window.RS_MODULES.modules!==undefined && window.RS_MODULES.modules[\"revslider41\"]!==undefined) {window.RS_MODULES.modules[\"revslider41\"].once = false;window.revapi4 = undefined;if (window.RS_MODULES.checkMinimal!==undefined) window.RS_MODULES.checkMinimal()}\n\t\t\t\t<\/script>\n\t\t\t<\/rs-module-wrap>\n\t\t\t<!-- END REVOLUTION SLIDER -->\n\n<\/div>\n<\/div><\/div><\/div><\/div><div id=\"pg-522-1\"  class=\"panel-grid panel-has-style\" ><div class=\"siteorigin-panels-stretch panel-row-style panel-row-style-for-522-1\" data-stretch-type=\"full\" ><div id=\"pgc-522-1-0\"  class=\"panel-grid-cell\" ><div id=\"panel-522-1-0-0\" class=\"so-panel widget widget_sow-editor panel-first-child panel-last-child\" data-index=\"1\" ><div class=\"bordeado panel-widget-style panel-widget-style-for-522-1-0-0\" ><div\n\t\t\t\n\t\t\tclass=\"so-widget-sow-editor so-widget-sow-editor-base\"\n\t\t\t\n\t\t>\n<div class=\"siteorigin-widget-tinymce textwidget\">\n\t<p>\u00a0<\/p>\n<h1 style=\"text-align: center;\">Mus\u00e9e des Mares de Cedeira<\/h1>\n<p>Cedeira ADN et chacun de ses habitants, est la mer. \u00c9tait la mer qui a donn\u00e9 \u00e0 cette ville son identit\u00e9 propre, qui a marqu\u00e9 son histoire et marque leur vie quotidienne.<\/p>\n<p>Mus\u00e9e Mares Cedeira n\u00e9 pour valoriser le marin du patrimoine mat\u00e9riel et immat\u00e9riel. Un endroit pour pr\u00e9server l'histoire d'un peuple li\u00e9es \u00e0 la mer \u00e0 un moment o\u00f9 les traditions sont perdues et les temps changent d'habitude, les croyances, les objets, les engins et les bateaux. Un mus\u00e9e pour enseigner aux jeunes comment ils travaillaient leurs anc\u00eatres et ne pas oublier d'o\u00f9 ils viennent. Un mus\u00e9e pour enseigner les visiteurs sur notre histoire, mode de vie comprendre. Un mus\u00e9e pour honorer les hommes et les femmes de Cedeira, qui, avec presque rien ont pu tout faire.<\/p>\n<p>Navires, engins, moteurs, rapetas pour capturer Barnacle, \u00ab RANOS \u00bb pour attraper des images, des coques, des fossiles de baleines antiques, des coquillages, des objets retourn\u00e9s par la mer ... des morceaux qui tentent de reconstruire la m\u00e9moire d'un peuple.<\/p>\n<p>Cedeira Mares Museum est un projet collectif que l'Association Mares Cedeira a Pulo. Il a commenc\u00e9 avec un groupe de personnes qui a rassembl\u00e9 ses collections priv\u00e9es d'instruments de navigation, des engins de p\u00eache et divers objets li\u00e9s \u00e0 la mer. Des collections qui ajoutiez des morceaux de toutes les personnes qui se repentit et fit don des objets personnels, objets de famille, des souvenirs de la vie ... pour remplir cet espace pour r\u00e9cup\u00e9rer notre histoire et nos traditions maritime.<\/p>\n<p>Mares Association Cedeira avec la collaboration de la Ville de Cedeira et Cofrar\u00eda Cedeira Les p\u00eacheurs \u00e0 se lancer dans ce projet. Tous pagay\u00e9 ensemble pour lancer le mus\u00e9e en Juillet 2016 a ouvert ses portes. Bienvenue \u00e0 Cedeira, de la m\u00e9moire d'un peuple du Mus\u00e9e Mares.<\/p>\n<\/div>\n<\/div><\/div><\/div><\/div><\/div><\/div><div id=\"pg-522-2\"  class=\"panel-grid panel-has-style\" ><div class=\"siteorigin-panels-stretch panel-row-style panel-row-style-for-522-2\" data-stretch-type=\"full\" ><div id=\"pgc-522-2-0\"  class=\"panel-grid-cell\" ><div id=\"panel-522-2-0-0\" class=\"so-panel widget widget_sow-editor panel-first-child panel-last-child\" data-index=\"2\" ><div class=\"bordeado panel-widget-style panel-widget-style-for-522-2-0-0\" ><div\n\t\t\t\n\t\t\tclass=\"so-widget-sow-editor so-widget-sow-editor-base\"\n\t\t\t\n\t\t>\n<div class=\"siteorigin-widget-tinymce textwidget\">\n\t<h1 style=\"text-align: center;\">Tarifs<\/h1>\n<table>\n<tbody>\n<tr>\n<td>Visiteurs de plus de 10 ans:<\/td>\n<td>2 \u20ac<\/td>\n<\/tr>\n<tr>\n<td>Visiteurs de 3 \u00e0 10 ans:<\/td>\n<td>1\u20ac<\/td>\n<\/tr>\n<tr>\n<td>Visiteurs de moins de 3 ans:<\/td>\n<td>gratuit<\/td>\n<\/tr>\n<\/tbody>\n<\/table>\n<\/div>\n<\/div><\/div><\/div><\/div><\/div><\/div><div id=\"pg-522-3\"  class=\"panel-grid panel-has-style\" ><div class=\"panel-row-style panel-row-style-for-522-3\" ><div id=\"pgc-522-3-0\"  class=\"panel-grid-cell\" ><div id=\"panel-522-3-0-0\" class=\"so-panel widget widget_sow-image panel-first-child\" data-index=\"3\" ><div\n\t\t\t\n\t\t\tclass=\"so-widget-sow-image so-widget-sow-image-default-c67d20f9f743-522\"\n\t\t\t\n\t\t>\n<div class=\"sow-image-container\">\n\t\t<img \n\tsrc=\"https:\/\/maresdecedeira.gal\/wp-content\/uploads\/2017\/11\/Escudo-Concello-Cedeira.jpg\" width=\"500\" height=\"500\" srcset=\"https:\/\/maresdecedeira.gal\/wp-content\/uploads\/2017\/11\/Escudo-Concello-Cedeira.jpg 500w, https:\/\/maresdecedeira.gal\/wp-content\/uploads\/2017\/11\/Escudo-Concello-Cedeira-150x150.jpg 150w, https:\/\/maresdecedeira.gal\/wp-content\/uploads\/2017\/11\/Escudo-Concello-Cedeira-300x300.jpg 300w, https:\/\/maresdecedeira.gal\/wp-content\/uploads\/2017\/11\/Escudo-Concello-Cedeira-100x100.jpg 100w, https:\/\/maresdecedeira.gal\/wp-content\/uploads\/2017\/11\/Escudo-Concello-Cedeira-210x210.jpg 210w\" sizes=\"(max-width: 500px) 100vw, 500px\" title=\"Escudo Concello Cedeira\" alt=\"Escudo Concello Cedeira\" \t\tclass=\"so-widget-image\"\/>\n\t<\/div>\n\n<\/div><\/div><div id=\"panel-522-3-0-1\" class=\"so-panel widget widget_sow-editor panel-last-child\" data-index=\"4\" ><div\n\t\t\t\n\t\t\tclass=\"so-widget-sow-editor so-widget-sow-editor-base\"\n\t\t\t\n\t\t><h3 class=\"widget-title\">Le Conseil de Cedeira<\/h3>\n<div class=\"siteorigin-widget-tinymce textwidget\">\n\t<div class=\"siteorigin-widget-tinymce textwidget\">Une partie importante de ce projet a \u00e9t\u00e9 la collaboration de la Mairie de Cedeira.<br \/>\n<span style=\"color: #f39c12;\"><a href=\"http:\/\/cedeira.gal\/\">Le savoir<\/a><\/span><\/p>\n<\/div>\n<\/div>\n<\/div><\/div><\/div><div id=\"pgc-522-3-1\"  class=\"panel-grid-cell\" ><div id=\"panel-522-3-1-0\" class=\"so-panel widget widget_sow-image panel-first-child\" data-index=\"5\" ><div\n\t\t\t\n\t\t\tclass=\"so-widget-sow-image so-widget-sow-image-default-8b5b6f678277-522\"\n\t\t\t\n\t\t>\n<div class=\"sow-image-container\">\n\t\t<img \n\tsrc=\"https:\/\/maresdecedeira.gal\/wp-content\/uploads\/2017\/11\/Logo-asociacion-museo.jpg\" width=\"500\" height=\"500\" srcset=\"https:\/\/maresdecedeira.gal\/wp-content\/uploads\/2017\/11\/Logo-asociacion-museo.jpg 500w, https:\/\/maresdecedeira.gal\/wp-content\/uploads\/2017\/11\/Logo-asociacion-museo-150x150.jpg 150w, https:\/\/maresdecedeira.gal\/wp-content\/uploads\/2017\/11\/Logo-asociacion-museo-300x300.jpg 300w, https:\/\/maresdecedeira.gal\/wp-content\/uploads\/2017\/11\/Logo-asociacion-museo-100x100.jpg 100w, https:\/\/maresdecedeira.gal\/wp-content\/uploads\/2017\/11\/Logo-asociacion-museo-210x210.jpg 210w\" sizes=\"(max-width: 500px) 100vw, 500px\" title=\"Logo asociacion museo Mares de Cedeira\" alt=\"Logo asociacion museo Mares de Cedeira\" \t\tclass=\"so-widget-image\"\/>\n\t<\/div>\n\n<\/div><\/div><div id=\"panel-522-3-1-1\" class=\"so-panel widget widget_sow-editor panel-last-child\" data-index=\"6\" ><div\n\t\t\t\n\t\t\tclass=\"so-widget-sow-editor so-widget-sow-editor-base\"\n\t\t\t\n\t\t><h3 class=\"widget-title\">L'association<\/h3>\n<div class=\"siteorigin-widget-tinymce textwidget\">\n\t<div class=\"siteorigin-widget-tinymce textwidget\">L'Association du Mus\u00e9e des Mares de Cedeira est la base par laquelle ce mus\u00e9e a \u00e9t\u00e9 cr\u00e9\u00e9 pour tous les citoyens et les visiteurs de Cedeira.<br \/>\n<a href=\"http:\/\/maresdecedeira.gal\/fr\/asociacion-mares-cedeira-museo\/\">Vous voulez en savoir plus<\/a><\/p>\n<\/div>\n<\/div>\n<\/div><\/div><\/div><div id=\"pgc-522-3-2\"  class=\"panel-grid-cell\" ><div id=\"panel-522-3-2-0\" class=\"so-panel widget widget_sow-image panel-first-child\" data-index=\"7\" ><div\n\t\t\t\n\t\t\tclass=\"so-widget-sow-image so-widget-sow-image-default-8b5b6f678277-522\"\n\t\t\t\n\t\t>\n<div class=\"sow-image-container\">\n\t\t<img \n\tsrc=\"https:\/\/maresdecedeira.gal\/wp-content\/uploads\/2017\/11\/Logo-cofradia-de-pescadores-de-Cedeira.jpg\" width=\"500\" height=\"500\" srcset=\"https:\/\/maresdecedeira.gal\/wp-content\/uploads\/2017\/11\/Logo-cofradia-de-pescadores-de-Cedeira.jpg 500w, https:\/\/maresdecedeira.gal\/wp-content\/uploads\/2017\/11\/Logo-cofradia-de-pescadores-de-Cedeira-150x150.jpg 150w, https:\/\/maresdecedeira.gal\/wp-content\/uploads\/2017\/11\/Logo-cofradia-de-pescadores-de-Cedeira-300x300.jpg 300w, https:\/\/maresdecedeira.gal\/wp-content\/uploads\/2017\/11\/Logo-cofradia-de-pescadores-de-Cedeira-100x100.jpg 100w, https:\/\/maresdecedeira.gal\/wp-content\/uploads\/2017\/11\/Logo-cofradia-de-pescadores-de-Cedeira-210x210.jpg 210w\" sizes=\"(max-width: 500px) 100vw, 500px\" title=\"Logo cofradia de pescadores de Cedeira\" alt=\"Logo cofradia de pescadores de Cedeira\" \t\tclass=\"so-widget-image\"\/>\n\t<\/div>\n\n<\/div><\/div><div id=\"panel-522-3-2-1\" class=\"so-panel widget widget_sow-editor panel-last-child\" data-index=\"8\" ><div\n\t\t\t\n\t\t\tclass=\"so-widget-sow-editor so-widget-sow-editor-base\"\n\t\t\t\n\t\t><h3 class=\"widget-title\">La Cofrad\u00eda<\/h3>\n<div class=\"siteorigin-widget-tinymce textwidget\">\n\t<div class=\"siteorigin-widget-tinymce textwidget\">Ce mus\u00e9e est pour et pour les gens qui vivent et visitent Cedeira et la Galice, mais c'est sans aucun doute gr\u00e2ce \u00e0 la collaboration de l'Association des P\u00eacheurs de Cedeira et \u00e0 tous les marins qui en font ou ont fait partie \u00e0 un moment donn\u00e9<br \/>\n<a href=\"http:\/\/www.confrariacedeira.es\/?lang=es\">En savoir plus<\/a><\/p>\n<\/div>\n<\/div>\n<\/div><\/div><\/div><\/div><\/div><div id=\"pg-522-4\"  class=\"panel-grid panel-has-style\" ><div class=\"panel-row-style panel-row-style-for-522-4\" ><div id=\"pgc-522-4-0\"  class=\"panel-grid-cell\" ><div id=\"panel-522-4-0-0\" class=\"so-panel widget widget_sow-headline panel-first-child panel-last-child\" data-index=\"9\" ><div class=\"panel-widget-style panel-widget-style-for-522-4-0-0\" ><div\n\t\t\t\n\t\t\tclass=\"so-widget-sow-headline so-widget-sow-headline-default-ba0a18061b32-522 so-widget-fittext-wrapper\"\n\t\t\t data-fit-text-compressor=\"0\"\n\t\t><div class=\"sow-headline-container \">\n\t\t\t\t\t\t\t<h1 class=\"sow-headline\">\n\t\t\t\t\t\t\t\t\t\t\t\t\t<a href=\"https:\/\/maresdecedeira.gal\/es\/sala-de-embarcaciones\/\" >\n\t\t\t\t\t\t\t\t\"Vous permet de voir toute l'histoire du marin de Cedeira\"<\/a>\t\t\t\t\t\t<\/h1>\n\t\t\t\t\t\t\t\t\t\t\t\t<h3 class=\"sow-sub-headline\">\n\t\t\t\t\t\tJuan Antonio Pe\u00f3n\t\t\t\t\t\t<\/h3>\n\t\t\t\t\t\t<\/div>\n<\/div><\/div><\/div><\/div><\/div><\/div><\/div>","protected":false},"excerpt":{"rendered":"<p>\u00a0 Mus\u00e9e des Mares de Cedeira Cedeira ADN et chacun de ses habitants, est la mer. \u00c9tait la mer qui a donn\u00e9 \u00e0 cette ville son identit\u00e9 propre, qui a marqu\u00e9 son histoire et marque leur vie quotidienne. Mus\u00e9e Mares Cedeira n\u00e9 pour valoriser le marin du patrimoine mat\u00e9riel et immat\u00e9riel. Un endroit pour pr\u00e9server l&#8217;histoire d&#8217;un peuple li\u00e9es \u00e0 la mer \u00e0 un moment o\u00f9 les traditions sont perdues et les temps changent d&#8217;habitude, les croyances, les objets, les engins et les bateaux. Un mus\u00e9e pour enseigner aux jeunes comment ils travaillaient leurs anc\u00eatres et ne pas oublier d&#8217;o\u00f9 ils viennent. Un mus\u00e9e pour enseigner les visiteurs sur notre histoire, mode de vie comprendre. Un mus\u00e9e pour honorer les hommes et les femmes de Cedeira, qui, avec presque rien ont pu tout faire. Navires, engins, moteurs, rapetas pour capturer Barnacle, \u00ab RANOS \u00bb pour attraper des images, des coques, des fossiles de baleines antiques, des coquillages, des objets retourn\u00e9s par la mer &#8230; des morceaux qui tentent de reconstruire la m\u00e9moire d&#8217;un peuple. Cedeira Mares Museum est un projet collectif que l&#8217;Association Mares Cedeira a Pulo. Il a commenc\u00e9 avec un groupe de personnes qui a rassembl\u00e9 ses collections priv\u00e9es d&#8217;instruments de navigation, des engins de p\u00eache et divers objets li\u00e9s \u00e0 la mer. Des collections qui ajoutiez des morceaux de toutes les personnes qui se repentit et fit don des objets personnels, objets de famille, des souvenirs de la vie &#8230; pour remplir cet espace pour r\u00e9cup\u00e9rer notre histoire et nos traditions maritime. Mares Association Cedeira avec la collaboration de la Ville de Cedeira et Cofrar\u00eda Cedeira Les p\u00eacheurs \u00e0 se lancer dans ce projet. Tous pagay\u00e9 ensemble pour lancer le mus\u00e9e en Juillet 2016 a ouvert ses portes. Bienvenue \u00e0 Cedeira, de la m\u00e9moire d&#8217;un peuple du Mus\u00e9e Mares.<\/p>\n","protected":false},"author":1,"featured_media":0,"parent":0,"menu_order":0,"comment_status":"closed","ping_status":"closed","template":"","meta":{"footnotes":""},"class_list":["post-522","page","type-page","status-publish","hentry"],"yoast_head":"<!-- This site is optimized with the Yoast SEO plugin v27.3 - https:\/\/yoast.com\/product\/yoast-seo-wordpress\/ -->\n<title>Mus\u00e9e des Mares de Cedeira - Museo Mares de Cedeira<\/title>\n<meta name=\"robots\" content=\"index, follow, max-snippet:-1, max-image-preview:large, max-video-preview:-1\" \/>\n<link rel=\"canonical\" href=\"https:\/\/maresdecedeira.gal\/fr\/\" \/>\n<meta property=\"og:locale\" content=\"fr_FR\" \/>\n<meta property=\"og:type\" content=\"article\" \/>\n<meta property=\"og:title\" content=\"Mus\u00e9e des Mares de Cedeira - Museo Mares de Cedeira\" \/>\n<meta property=\"og:description\" content=\"\u00a0 Mus\u00e9e des Mares de Cedeira Cedeira ADN et chacun de ses habitants, est la mer. \u00c9tait la mer qui a donn\u00e9 \u00e0 cette ville son identit\u00e9 propre, qui a marqu\u00e9 son histoire et marque leur vie quotidienne. Mus\u00e9e Mares Cedeira n\u00e9 pour valoriser le marin du patrimoine mat\u00e9riel et immat\u00e9riel. Un endroit pour pr\u00e9server l&#039;histoire d&#039;un peuple li\u00e9es \u00e0 la mer \u00e0 un moment o\u00f9 les traditions sont perdues et les temps changent d&#039;habitude, les croyances, les objets, les engins et les bateaux. Un mus\u00e9e pour enseigner aux jeunes comment ils travaillaient leurs anc\u00eatres et ne pas oublier d&#039;o\u00f9 ils viennent. Un mus\u00e9e pour enseigner les visiteurs sur notre histoire, mode de vie comprendre. Un mus\u00e9e pour honorer les hommes et les femmes de Cedeira, qui, avec presque rien ont pu tout faire. Navires, engins, moteurs, rapetas pour capturer Barnacle, \u00ab RANOS \u00bb pour attraper des images, des coques, des fossiles de baleines antiques, des coquillages, des objets retourn\u00e9s par la mer ... des morceaux qui tentent de reconstruire la m\u00e9moire d&#039;un peuple. Cedeira Mares Museum est un projet collectif que l&#039;Association Mares Cedeira a Pulo. Il a commenc\u00e9 avec un groupe de personnes qui a rassembl\u00e9 ses collections priv\u00e9es d&#039;instruments de navigation, des engins de p\u00eache et divers objets li\u00e9s \u00e0 la mer. Des collections qui ajoutiez des morceaux de toutes les personnes qui se repentit et fit don des objets personnels, objets de famille, des souvenirs de la vie ... pour remplir cet espace pour r\u00e9cup\u00e9rer notre histoire et nos traditions maritime. Mares Association Cedeira avec la collaboration de la Ville de Cedeira et Cofrar\u00eda Cedeira Les p\u00eacheurs \u00e0 se lancer dans ce projet. Tous pagay\u00e9 ensemble pour lancer le mus\u00e9e en Juillet 2016 a ouvert ses portes. Bienvenue \u00e0 Cedeira, de la m\u00e9moire d&#039;un peuple du Mus\u00e9e Mares.\" \/>\n<meta property=\"og:url\" content=\"https:\/\/maresdecedeira.gal\/fr\/\" \/>\n<meta property=\"og:site_name\" content=\"Museo Mares de Cedeira\" \/>\n<meta property=\"article:modified_time\" content=\"2024-07-12T09:37:41+00:00\" \/>\n<meta name=\"twitter:card\" content=\"summary_large_image\" \/>\n<meta name=\"twitter:label1\" content=\"Dur\u00e9e de lecture estim\u00e9e\" \/>\n\t<meta name=\"twitter:data1\" content=\"5 minutes\" \/>\n<script type=\"application\/ld+json\" class=\"yoast-schema-graph\">{\"@context\":\"https:\\\/\\\/schema.org\",\"@graph\":[{\"@type\":\"WebPage\",\"@id\":\"https:\\\/\\\/maresdecedeira.gal\\\/fr\\\/\",\"url\":\"https:\\\/\\\/maresdecedeira.gal\\\/fr\\\/\",\"name\":\"Mus\u00e9e des Mares de Cedeira - Museo Mares de Cedeira\",\"isPartOf\":{\"@id\":\"https:\\\/\\\/maresdecedeira.gal\\\/#website\"},\"datePublished\":\"2017-11-25T16:20:54+00:00\",\"dateModified\":\"2024-07-12T09:37:41+00:00\",\"breadcrumb\":{\"@id\":\"https:\\\/\\\/maresdecedeira.gal\\\/fr\\\/#breadcrumb\"},\"inLanguage\":\"fr-FR\",\"potentialAction\":[{\"@type\":\"ReadAction\",\"target\":[\"https:\\\/\\\/maresdecedeira.gal\\\/fr\\\/\"]}]},{\"@type\":\"BreadcrumbList\",\"@id\":\"https:\\\/\\\/maresdecedeira.gal\\\/fr\\\/#breadcrumb\",\"itemListElement\":[{\"@type\":\"ListItem\",\"position\":1,\"name\":\"Portada\",\"item\":\"https:\\\/\\\/maresdecedeira.gal\\\/fr\\\/\"},{\"@type\":\"ListItem\",\"position\":2,\"name\":\"Mus\u00e9e des Mares de Cedeira\"}]},{\"@type\":\"WebSite\",\"@id\":\"https:\\\/\\\/maresdecedeira.gal\\\/#website\",\"url\":\"https:\\\/\\\/maresdecedeira.gal\\\/\",\"name\":\"Museo Mares de Cedeira\",\"description\":\"La Caja fuerte del patrimonio marinero de Cedeira\",\"potentialAction\":[{\"@type\":\"SearchAction\",\"target\":{\"@type\":\"EntryPoint\",\"urlTemplate\":\"https:\\\/\\\/maresdecedeira.gal\\\/?s={search_term_string}\"},\"query-input\":{\"@type\":\"PropertyValueSpecification\",\"valueRequired\":true,\"valueName\":\"search_term_string\"}}],\"inLanguage\":\"fr-FR\"}]}<\/script>\n<!-- \/ Yoast SEO plugin. -->","yoast_head_json":{"title":"Mus\u00e9e des Mares de Cedeira - Museo Mares de Cedeira","robots":{"index":"index","follow":"follow","max-snippet":"max-snippet:-1","max-image-preview":"max-image-preview:large","max-video-preview":"max-video-preview:-1"},"canonical":"https:\/\/maresdecedeira.gal\/fr\/","og_locale":"fr_FR","og_type":"article","og_title":"Mus\u00e9e des Mares de Cedeira - Museo Mares de Cedeira","og_description":"\u00a0 Mus\u00e9e des Mares de Cedeira Cedeira ADN et chacun de ses habitants, est la mer. \u00c9tait la mer qui a donn\u00e9 \u00e0 cette ville son identit\u00e9 propre, qui a marqu\u00e9 son histoire et marque leur vie quotidienne. Mus\u00e9e Mares Cedeira n\u00e9 pour valoriser le marin du patrimoine mat\u00e9riel et immat\u00e9riel. Un endroit pour pr\u00e9server l'histoire d'un peuple li\u00e9es \u00e0 la mer \u00e0 un moment o\u00f9 les traditions sont perdues et les temps changent d'habitude, les croyances, les objets, les engins et les bateaux. Un mus\u00e9e pour enseigner aux jeunes comment ils travaillaient leurs anc\u00eatres et ne pas oublier d'o\u00f9 ils viennent. Un mus\u00e9e pour enseigner les visiteurs sur notre histoire, mode de vie comprendre. Un mus\u00e9e pour honorer les hommes et les femmes de Cedeira, qui, avec presque rien ont pu tout faire. Navires, engins, moteurs, rapetas pour capturer Barnacle, \u00ab RANOS \u00bb pour attraper des images, des coques, des fossiles de baleines antiques, des coquillages, des objets retourn\u00e9s par la mer ... des morceaux qui tentent de reconstruire la m\u00e9moire d'un peuple. Cedeira Mares Museum est un projet collectif que l'Association Mares Cedeira a Pulo. Il a commenc\u00e9 avec un groupe de personnes qui a rassembl\u00e9 ses collections priv\u00e9es d'instruments de navigation, des engins de p\u00eache et divers objets li\u00e9s \u00e0 la mer. Des collections qui ajoutiez des morceaux de toutes les personnes qui se repentit et fit don des objets personnels, objets de famille, des souvenirs de la vie ... pour remplir cet espace pour r\u00e9cup\u00e9rer notre histoire et nos traditions maritime. Mares Association Cedeira avec la collaboration de la Ville de Cedeira et Cofrar\u00eda Cedeira Les p\u00eacheurs \u00e0 se lancer dans ce projet. Tous pagay\u00e9 ensemble pour lancer le mus\u00e9e en Juillet 2016 a ouvert ses portes. Bienvenue \u00e0 Cedeira, de la m\u00e9moire d'un peuple du Mus\u00e9e Mares.","og_url":"https:\/\/maresdecedeira.gal\/fr\/","og_site_name":"Museo Mares de Cedeira","article_modified_time":"2024-07-12T09:37:41+00:00","twitter_card":"summary_large_image","twitter_misc":{"Dur\u00e9e de lecture estim\u00e9e":"5 minutes"},"schema":{"@context":"https:\/\/schema.org","@graph":[{"@type":"WebPage","@id":"https:\/\/maresdecedeira.gal\/fr\/","url":"https:\/\/maresdecedeira.gal\/fr\/","name":"Mus\u00e9e des Mares de Cedeira - Museo Mares de Cedeira","isPartOf":{"@id":"https:\/\/maresdecedeira.gal\/#website"},"datePublished":"2017-11-25T16:20:54+00:00","dateModified":"2024-07-12T09:37:41+00:00","breadcrumb":{"@id":"https:\/\/maresdecedeira.gal\/fr\/#breadcrumb"},"inLanguage":"fr-FR","potentialAction":[{"@type":"ReadAction","target":["https:\/\/maresdecedeira.gal\/fr\/"]}]},{"@type":"BreadcrumbList","@id":"https:\/\/maresdecedeira.gal\/fr\/#breadcrumb","itemListElement":[{"@type":"ListItem","position":1,"name":"Portada","item":"https:\/\/maresdecedeira.gal\/fr\/"},{"@type":"ListItem","position":2,"name":"Mus\u00e9e des Mares de Cedeira"}]},{"@type":"WebSite","@id":"https:\/\/maresdecedeira.gal\/#website","url":"https:\/\/maresdecedeira.gal\/","name":"Museo Mares de Cedeira","description":"La Caja fuerte del patrimonio marinero de Cedeira","potentialAction":[{"@type":"SearchAction","target":{"@type":"EntryPoint","urlTemplate":"https:\/\/maresdecedeira.gal\/?s={search_term_string}"},"query-input":{"@type":"PropertyValueSpecification","valueRequired":true,"valueName":"search_term_string"}}],"inLanguage":"fr-FR"}]}},"_links":{"self":[{"href":"https:\/\/maresdecedeira.gal\/fr\/wp-json\/wp\/v2\/pages\/522","targetHints":{"allow":["GET"]}}],"collection":[{"href":"https:\/\/maresdecedeira.gal\/fr\/wp-json\/wp\/v2\/pages"}],"about":[{"href":"https:\/\/maresdecedeira.gal\/fr\/wp-json\/wp\/v2\/types\/page"}],"author":[{"embeddable":true,"href":"https:\/\/maresdecedeira.gal\/fr\/wp-json\/wp\/v2\/users\/1"}],"replies":[{"embeddable":true,"href":"https:\/\/maresdecedeira.gal\/fr\/wp-json\/wp\/v2\/comments?post=522"}],"version-history":[{"count":4,"href":"https:\/\/maresdecedeira.gal\/fr\/wp-json\/wp\/v2\/pages\/522\/revisions"}],"predecessor-version":[{"id":876,"href":"https:\/\/maresdecedeira.gal\/fr\/wp-json\/wp\/v2\/pages\/522\/revisions\/876"}],"wp:attachment":[{"href":"https:\/\/maresdecedeira.gal\/fr\/wp-json\/wp\/v2\/media?parent=522"}],"curies":[{"name":"wp","href":"https:\/\/api.w.org\/{rel}","templated":true}]}}